{"id":15,"date":"2014-12-10T16:48:33","date_gmt":"2014-12-10T15:48:33","guid":{"rendered":"http:\/\/www.pekarstvi-boucek.cz\/?page_id=15"},"modified":"2014-12-10T17:16:54","modified_gmt":"2014-12-10T16:16:54","slug":"sortiment","status":"publish","type":"page","link":"https:\/\/www.pekarstvi-boucek.cz\/?page_id=15","title":{"rendered":"Sortiment"},"content":{"rendered":"<ul>\n<li><strong>Chleba<\/strong><a href=\"http:\/\/pekarnaboucek.kvalitne.cz\/sortimnt\/chleba\/chleba.htm\"><br \/>\n<\/a>\u017eitn\u00fd<br \/>\ncere\u00e1ln\u00ed<br \/>\nmoskevsk\u00fd<br \/>\ndalam\u00e1nek<\/li>\n<\/ul>\n<p><img loading=\"lazy\" decoding=\"async\" class=\"alignnone size-medium wp-image-39\" src=\"http:\/\/www.pekarstvi-boucek.cz\/wp-content\/uploads\/2014\/12\/chleba1-300x231.jpg\" alt=\"chleba\" width=\"300\" height=\"231\" srcset=\"https:\/\/www.pekarstvi-boucek.cz\/wp-content\/uploads\/2014\/12\/chleba1-300x231.jpg 300w, https:\/\/www.pekarstvi-boucek.cz\/wp-content\/uploads\/2014\/12\/chleba1.jpg 400w\" sizes=\"auto, (max-width: 300px) 100vw, 300px\" \/><\/p>\n<p>&nbsp;<\/p>\n<ul>\n<li><strong>B\u011b\u017en\u00e9 pe\u010divo<a href=\"http:\/\/pekarnaboucek.kvalitne.cz\/sortimnt\/bezne\/bezne.htm\"><br \/>\n<\/a><\/strong>rohl\u00edk<br \/>\nhouska ru\u010dn\u011b pleten\u00e1<br \/>\nbulka<br \/>\nbageta<br \/>\nbanketka<br \/>\nchleb\u00ed\u010dkov\u00e1 veka<\/li>\n<\/ul>\n<p><a href=\"http:\/\/www.pekarstvi-boucek.cz\/wp-content\/uploads\/2014\/12\/bezne1.jpg\"><img loading=\"lazy\" decoding=\"async\" class=\"alignnone size-medium wp-image-40\" src=\"http:\/\/www.pekarstvi-boucek.cz\/wp-content\/uploads\/2014\/12\/bezne1-300x222.jpg\" alt=\"bezne\" width=\"300\" height=\"222\" srcset=\"https:\/\/www.pekarstvi-boucek.cz\/wp-content\/uploads\/2014\/12\/bezne1-300x222.jpg 300w, https:\/\/www.pekarstvi-boucek.cz\/wp-content\/uploads\/2014\/12\/bezne1.jpg 400w\" sizes=\"auto, (max-width: 300px) 100vw, 300px\" \/><\/a><\/p>\n<ul>\n<li><strong>Jemn\u00e9 pe\u010divo<a href=\"http:\/\/pekarnaboucek.kvalitne.cz\/sortimnt\/jemne\/jemne.htm\"><br \/>\n<\/a><\/strong><span style=\"line-height: 1.5;\">kol\u00e1\u010d tla\u010den\u00fd<br \/>\n<\/span><span style=\"line-height: 1.5;\">loup\u00e1k pln\u011bn\u00fd<br \/>\nkol\u00e1\u010d \u0161\u00e1te\u010dek<br \/>\n<\/span>brio\u0161ka<br \/>\n\u0161v\u00fdcarka<br \/>\nz\u00e1vin<br \/>\nb\u00e1bovka<br \/>\nv\u00e1no\u010dka<br \/>\nmet\u00fdnka<br \/>\nmakovn\u00edk<br \/>\npern\u00edk<br \/>\no\u0159echovn\u00edk<\/li>\n<\/ul>\n<p><img loading=\"lazy\" decoding=\"async\" class=\"alignnone size-medium wp-image-38\" src=\"http:\/\/www.pekarstvi-boucek.cz\/wp-content\/uploads\/2014\/12\/jemne-300x225.jpg\" alt=\"jemne\" width=\"300\" height=\"225\" srcset=\"https:\/\/www.pekarstvi-boucek.cz\/wp-content\/uploads\/2014\/12\/jemne-300x225.jpg 300w, https:\/\/www.pekarstvi-boucek.cz\/wp-content\/uploads\/2014\/12\/jemne.jpg 400w\" sizes=\"auto, (max-width: 300px) 100vw, 300px\" \/><\/p>\n<ul>\n<li><strong>Celozrnn\u00e9 pe\u010divo<a href=\"http:\/\/pekarnaboucek.kvalitne.cz\/sortimnt\/celozrn\/celozrn.htm\"><br \/>\n<\/a><\/strong>rohl\u00edk<br \/>\nbulka<br \/>\nbageta<br \/>\nbanketka<br \/>\nchleb\u00ed\u010dkov\u00e1 veka<br \/>\nchleba<br \/>\ngrahamov\u00e1 bageta<\/li>\n<\/ul>\n<p><img loading=\"lazy\" decoding=\"async\" class=\"alignnone size-medium wp-image-41\" src=\"http:\/\/www.pekarstvi-boucek.cz\/wp-content\/uploads\/2014\/12\/celozrn-300x225.jpg\" alt=\"celozrn\" width=\"300\" height=\"225\" srcset=\"https:\/\/www.pekarstvi-boucek.cz\/wp-content\/uploads\/2014\/12\/celozrn-300x225.jpg 300w, https:\/\/www.pekarstvi-boucek.cz\/wp-content\/uploads\/2014\/12\/celozrn.jpg 400w\" sizes=\"auto, (max-width: 300px) 100vw, 300px\" \/><\/p>\n<ul>\n<li><strong>Sma\u017een\u00e9 v\u00fdrobky<\/strong><a href=\"http:\/\/pekarnaboucek.kvalitne.cz\/sortimnt\/smazene\/smazene.htm\"><br \/>\n<\/a>koblihy<br \/>\nta\u0161ti\u010dky<br \/>\nuzle<br \/>\nhv\u011bzdi\u010dky<br \/>\nbavorsk\u00e9 hv\u011bzdi\u010dky<\/li>\n<\/ul>\n<p><img loading=\"lazy\" decoding=\"async\" class=\"alignnone size-medium wp-image-42\" src=\"http:\/\/www.pekarstvi-boucek.cz\/wp-content\/uploads\/2014\/12\/smazene-300x225.jpg\" alt=\"smazene\" width=\"300\" height=\"225\" srcset=\"https:\/\/www.pekarstvi-boucek.cz\/wp-content\/uploads\/2014\/12\/smazene-300x225.jpg 300w, https:\/\/www.pekarstvi-boucek.cz\/wp-content\/uploads\/2014\/12\/smazene.jpg 400w\" sizes=\"auto, (max-width: 300px) 100vw, 300px\" \/><\/p>\n<ul>\n<li><strong>Sez\u00f3nn\u00ed v\u00fdrobky<a href=\"http:\/\/pekarnaboucek.kvalitne.cz\/sortimnt\/sezonni\/sezonni.htm\"><br \/>\n<\/a><\/strong>mazanec<br \/>\nber\u00e1nek<br \/>\njid\u00e1\u0161<\/li>\n<\/ul>\n<p>&nbsp;<\/p>\n<ul>\n<li><strong>Speci\u00e1ln\u00ed v\u00fdrobky<\/strong><a href=\"http:\/\/pekarnaboucek.kvalitne.cz\/sortimnt\/special\/special.htm\"><br \/>\n<\/a>anglick\u00fd rohl\u00edk<br \/>\np\u00e1rkov\u00fd rohl\u00edk<br \/>\namprecle<br \/>\nprecl\u00edk<br \/>\nkv\u00e1sek<br \/>\nstrouhanka<\/li>\n<\/ul>\n<p>&nbsp;<\/p>\n<ul>\n<li><strong>Na oslavu<a href=\"http:\/\/pekarnaboucek.kvalitne.cz\/sortimnt\/oslava\/oslava.htm\"><br \/>\n<\/a><\/strong>precl\u00edk<br \/>\nbanketka<br \/>\nchleb\u00ed\u010dkov\u00e1 veka<br \/>\nchleba \u0161i\u0161ka \u017eitn\u00e1<br \/>\nvelk\u00fd kol\u00e1\u010d<\/p>\n<p><img loading=\"lazy\" decoding=\"async\" class=\"alignnone size-medium wp-image-43\" src=\"http:\/\/www.pekarstvi-boucek.cz\/wp-content\/uploads\/2014\/12\/oslava-300x220.jpg\" alt=\"oslava\" width=\"300\" height=\"220\" srcset=\"https:\/\/www.pekarstvi-boucek.cz\/wp-content\/uploads\/2014\/12\/oslava-300x220.jpg 300w, https:\/\/www.pekarstvi-boucek.cz\/wp-content\/uploads\/2014\/12\/oslava.jpg 400w\" sizes=\"auto, (max-width: 300px) 100vw, 300px\" \/><\/li>\n<\/ul>\n","protected":false},"excerpt":{"rendered":"<p>Chleba \u017eitn\u00fd cere\u00e1ln\u00ed moskevsk\u00fd dalam\u00e1nek &nbsp; B\u011b\u017en\u00e9 pe\u010divo rohl\u00edk houska ru\u010dn\u011b pleten\u00e1 bulka bageta banketka chleb\u00ed\u010dkov\u00e1 veka Jemn\u00e9 pe\u010divo kol\u00e1\u010d tla\u010den\u00fd loup\u00e1k pln\u011bn\u00fd kol\u00e1\u010d \u0161\u00e1te\u010dek brio\u0161ka \u0161v\u00fdcarka z\u00e1vin b\u00e1bovka v\u00e1no\u010dka met\u00fdnka makovn\u00edk pern\u00edk o\u0159echovn\u00edk Celozrnn\u00e9 pe\u010divo rohl\u00edk bulka bageta banketka chleb\u00ed\u010dkov\u00e1 veka chleba grahamov\u00e1 bageta Sma\u017een\u00e9 v\u00fdrobky koblihy ta\u0161ti\u010dky uzle hv\u011bzdi\u010dky bavorsk\u00e9 hv\u011bzdi\u010dky Sez\u00f3nn\u00ed v\u00fdrobky [&hellip;]<\/p>\n","protected":false},"author":1,"featured_media":0,"parent":0,"menu_order":0,"comment_status":"closed","ping_status":"closed","template":"","meta":{"footnotes":""},"class_list":["post-15","page","type-page","status-publish","hentry"],"_links":{"self":[{"href":"https:\/\/www.pekarstvi-boucek.cz\/index.php?rest_route=\/wp\/v2\/pages\/15","targetHints":{"allow":["GET"]}}],"collection":[{"href":"https:\/\/www.pekarstvi-boucek.cz\/index.php?rest_route=\/wp\/v2\/pages"}],"about":[{"href":"https:\/\/www.pekarstvi-boucek.cz\/index.php?rest_route=\/wp\/v2\/types\/page"}],"author":[{"embeddable":true,"href":"https:\/\/www.pekarstvi-boucek.cz\/index.php?rest_route=\/wp\/v2\/users\/1"}],"replies":[{"embeddable":true,"href":"https:\/\/www.pekarstvi-boucek.cz\/index.php?rest_route=%2Fwp%2Fv2%2Fcomments&post=15"}],"version-history":[{"count":5,"href":"https:\/\/www.pekarstvi-boucek.cz\/index.php?rest_route=\/wp\/v2\/pages\/15\/revisions"}],"predecessor-version":[{"id":45,"href":"https:\/\/www.pekarstvi-boucek.cz\/index.php?rest_route=\/wp\/v2\/pages\/15\/revisions\/45"}],"wp:attachment":[{"href":"https:\/\/www.pekarstvi-boucek.cz\/index.php?rest_route=%2Fwp%2Fv2%2Fmedia&parent=15"}],"curies":[{"name":"wp","href":"https:\/\/api.w.org\/{rel}","templated":true}]}}